{"id":80,"date":"2015-03-19T21:00:45","date_gmt":"2015-03-19T21:00:45","guid":{"rendered":"http:\/\/mensch-tier-gemeinsam.de\/htdocs\/?page_id=80"},"modified":"2015-03-25T13:29:25","modified_gmt":"2015-03-25T13:29:25","slug":"veranstaltungen-zur-kommunikation","status":"publish","type":"page","link":"https:\/\/mensch-tier-gemeinsam.de\/htdocs\/kommunikation-persoenlichkeitsentwicklung\/veranstaltungen-zur-kommunikation\/","title":{"rendered":"Veranstaltungen zur Kommunikation&#8230;"},"content":{"rendered":"<h3>und Pers\u00f6nlichkeitsentwicklung<\/h3>\n<p><strong>offene Veranstaltungen:<\/strong><\/p>\n<ul>\n<li>\n<ul>\n<li><a class=\" link\" title=\"Entscheidungen treffen, Entscheidungen umsetzen, geachtet werden\" href=\"http:\/\/mensch-tier-gemeinsam.de\/htdocs\/?page_id=82\">Entscheidungen treffen, Entscheidungen umsetzen, geachtet werden<\/a><\/li>\n<li><a class=\" link\" title=\"Souver\u00e4n f\u00fchren, Entspannung bewirken\" href=\"http:\/\/mensch-tier-gemeinsam.de\/htdocs\/?page_id=84\">Souver\u00e4n f\u00fchren, Entspannung bewirken<\/a><\/li>\n<li><a class=\" link\" title=\"Das Unausgesprochene erkennen\" href=\"http:\/\/mensch-tier-gemeinsam.de\/htdocs\/?page_id=86\">Das Unausgesprochene erkennen<\/a><\/li>\n<li><a class=\" link\" title=\"\u201cIch m\u00f6chte ernst genommen werden!\u201d\" href=\"http:\/\/mensch-tier-gemeinsam.de\/htdocs\/?page_id=88\">&#8222;Ich m\u00f6chte ernst genommen werden!&#8220;<\/a><\/li>\n<li><a class=\" link\" title=\"Selbstbestimmt  f\u00fchlen, antworten, handeln\" href=\"http:\/\/mensch-tier-gemeinsam.de\/htdocs\/?page_id=90\">Selbstbestimmt f\u00fchlen, antworten, handeln<\/a><\/li>\n<li><a class=\" link\" title=\"positive \u00c4u\u00dferungen\" href=\"http:\/\/mensch-tier-gemeinsam.de\/htdocs\/?page_id=92\">Starker Einfluss durch positive \u00c4u\u00dferungen<\/a><\/li>\n<li><a class=\" link\" title=\"Unangenehmes aussprechen\" href=\"http:\/\/mensch-tier-gemeinsam.de\/htdocs\/?page_id=94\">Unangenehmes aussprechen und \u00fcberzeugen<\/a><\/li>\n<li><a class=\" link\" title=\"Gespr\u00e4che mit Eltern: offen und sachlich\" href=\"http:\/\/mensch-tier-gemeinsam.de\/htdocs\/?page_id=96\">Gespr\u00e4che mit Eltern: offen und sachlich<\/a><\/li>\n<li><a class=\" link\" title=\"Gelungene Verst\u00e4ndigung zwischen   Erwachsenen und Kindern\" href=\"http:\/\/mensch-tier-gemeinsam.de\/htdocs\/?page_id=98\">Gelungene Verst\u00e4ndigung zwischen Erwachsenen und Kindern<\/a><\/li>\n<\/ul>\n<\/li>\n<\/ul>\n<ul>\n<li><strong>buchbare Veranstaltungen<\/strong>: Alle Veranstaltungen, die Sie auf dieser Website finden, sind prinzipiell auch als Inhouse-Seminar oder als geschlossene Veranstaltung bei mir buchbar. Das ist ebenso m\u00f6glich mit Seminaren f\u00fcrs Teams am Arbeitsplatz, in Organisationen o.\u00e4. Wenn dort eine Verbesserung der Verst\u00e4ndigung angestrebt wird, spreche ich Inhalte, Umfang usw. gern konkret mit Ihnen ab. Dar\u00fcber hinaus biete ich Fortbildungsseminare an.<\/li>\n<\/ul>\n","protected":false},"excerpt":{"rendered":"<p>und Pers\u00f6nlichkeitsentwicklung offene Veranstaltungen: Entscheidungen treffen, Entscheidungen umsetzen, geachtet werden Souver\u00e4n f\u00fchren, Entspannung bewirken Das Unausgesprochene erkennen &#8222;Ich m\u00f6chte ernst genommen werden!&#8220; Selbstbestimmt f\u00fchlen, antworten, handeln Starker Einfluss durch positive \u00c4u\u00dferungen Unangenehmes aussprechen und \u00fcberzeugen Gespr\u00e4che mit Eltern: offen und sachlich Gelungene Verst\u00e4ndigung zwischen Erwachsenen und Kindern buchbare Veranstaltungen: Alle Veranstaltungen, die Sie auf dieser [&hellip;]<\/p>\n","protected":false},"author":1,"featured_media":0,"parent":33,"menu_order":0,"comment_status":"closed","ping_status":"closed","template":"","meta":{"footnotes":""},"class_list":["post-80","page","type-page","status-publish","hentry"],"_links":{"self":[{"href":"https:\/\/mensch-tier-gemeinsam.de\/htdocs\/wp-json\/wp\/v2\/pages\/80","targetHints":{"allow":["GET"]}}],"collection":[{"href":"https:\/\/mensch-tier-gemeinsam.de\/htdocs\/wp-json\/wp\/v2\/pages"}],"about":[{"href":"https:\/\/mensch-tier-gemeinsam.de\/htdocs\/wp-json\/wp\/v2\/types\/page"}],"author":[{"embeddable":true,"href":"https:\/\/mensch-tier-gemeinsam.de\/htdocs\/wp-json\/wp\/v2\/users\/1"}],"replies":[{"embeddable":true,"href":"https:\/\/mensch-tier-gemeinsam.de\/htdocs\/wp-json\/wp\/v2\/comments?post=80"}],"version-history":[{"count":5,"href":"https:\/\/mensch-tier-gemeinsam.de\/htdocs\/wp-json\/wp\/v2\/pages\/80\/revisions"}],"predecessor-version":[{"id":386,"href":"https:\/\/mensch-tier-gemeinsam.de\/htdocs\/wp-json\/wp\/v2\/pages\/80\/revisions\/386"}],"up":[{"embeddable":true,"href":"https:\/\/mensch-tier-gemeinsam.de\/htdocs\/wp-json\/wp\/v2\/pages\/33"}],"wp:attachment":[{"href":"https:\/\/mensch-tier-gemeinsam.de\/htdocs\/wp-json\/wp\/v2\/media?parent=80"}],"curies":[{"name":"wp","href":"https:\/\/api.w.org\/{rel}","templated":true}]}}