{"id":901,"date":"2015-11-14T12:47:18","date_gmt":"2015-11-14T12:47:18","guid":{"rendered":"http:\/\/mensch-tier-gemeinsam.de\/htdocs\/?page_id=901"},"modified":"2017-04-11T09:56:48","modified_gmt":"2017-04-11T09:56:48","slug":"mit-schwer-erreichbaren-kindern","status":"publish","type":"page","link":"https:\/\/mensch-tier-gemeinsam.de\/htdocs\/kommunikation-persoenlichkeitsentwicklung\/veranstaltungen-zur-kommunikation\/mit-schwer-erreichbaren-kindern\/","title":{"rendered":"&#8230; mit schwer erreichbaren Kindern"},"content":{"rendered":"<p><strong>K\u00f6rpersprachliche Kommunikation mit\u00a0<\/strong><strong>schwer erreichbaren Kindern<\/strong><\/p>\n<p><strong>Seminar.\u00a0<\/strong>Als erwachsene Menschen sind wir meistens auf W\u00f6rter fixiert. Nur selten achten wir auf die K\u00f6rpersprache unseres Gegen\u00fcbers oder auf unsere eigene K\u00f6rpersprache. Wenn ein Kind uns nicht versteht, neigen wir dazu, unsere S\u00e4tze oder Fragen zu wiederholen. Daraufhin wiederholt das nicht verstehende Kind sein unerw\u00fcnschtes Verhalten. Dann wundern wir uns, weil wir doch mehrfach gesagt haben, dass \u2026 Manche Kinder k\u00f6nnen sich eigentlich gut verst\u00e4ndigen, aber in manchen Situationen sind sie derart <strong>von ihren Gef\u00fchlen beherrscht<\/strong>, dass Worte nicht zu ihnen durchdringen. Andere Kinder haben erhebliche <strong>verbale Defizite<\/strong>, so dass man mit ihnen grunds\u00e4tzlich nicht mit Worten kommunizieren kann. Wieder andere sind <strong>unkonzentriert,<\/strong> schwerh\u00f6rig o. \u00e4.<strong> K\u00f6rpersprache wirkt immer<\/strong>, weil sie vom Unterbewusstsein wahrgenommen wird. Mit bewusster <strong>K\u00f6rperhaltung, -richtung, Gestik und Mimik<\/strong> kann man mit jedem Kind kommunizieren. Sobald die k\u00f6rpersprachliche Verst\u00e4ndigung gelingt, kann man die verbale Ebene hinzuf\u00fcgen. Dies sieht f\u00fcr manchen Erwachsenen zun\u00e4chst wie ein Umweg aus, f\u00fchrt insgesamt aber wesentlich schneller zum Ziel.<\/p>\n<p>Im Seminar stehen den Teilnehmern einige <strong>Hunde<\/strong> als glaubw\u00fcrdige und Erkenntnis bringende \u00dcbungspartner zur Verf\u00fcgung. Diese Hunde gehen nur zu Menschen hin, die den Kontakt w\u00fcnschen. Dadurch k\u00f6nnen auch Menschen mit Angst vor Hunden teilnehmen.<\/p>\n<p><strong>Sa., 17.06.2017, 08.30-13.15 Uhr <\/strong>(6 UE)<\/p>\n<p><strong>Veranstalter: Kreisvolkshochschule Vorpommern-R\u00fcgen<\/strong>,\u00a0Tel.: (038326) 80020<br \/>\nTribseeser Chaussee 4<br \/>\n18507 <strong>Grimmen<\/strong><\/p>\n<p><a href=\"http:\/\/vhs-vr.de\/index.php?id=17&amp;kathaupt=11&amp;knr=17FG110681&amp;kursname=Koerpersprachliche+Kommunikation+mit+schwer+erreichbaren+Kindern\">Anmeldung<\/a><\/p>\n","protected":false},"excerpt":{"rendered":"<p>K\u00f6rpersprachliche Kommunikation mit\u00a0schwer erreichbaren Kindern Seminar.\u00a0Als erwachsene Menschen sind wir meistens auf W\u00f6rter fixiert. Nur selten achten wir auf die K\u00f6rpersprache unseres Gegen\u00fcbers oder auf unsere eigene K\u00f6rpersprache. Wenn ein Kind uns nicht versteht, neigen wir dazu, unsere S\u00e4tze oder Fragen zu wiederholen. Daraufhin wiederholt das nicht verstehende Kind sein unerw\u00fcnschtes Verhalten. Dann wundern wir [&hellip;]<\/p>\n","protected":false},"author":1,"featured_media":0,"parent":80,"menu_order":11,"comment_status":"closed","ping_status":"closed","template":"","meta":{"footnotes":""},"class_list":["post-901","page","type-page","status-publish","hentry"],"_links":{"self":[{"href":"https:\/\/mensch-tier-gemeinsam.de\/htdocs\/wp-json\/wp\/v2\/pages\/901","targetHints":{"allow":["GET"]}}],"collection":[{"href":"https:\/\/mensch-tier-gemeinsam.de\/htdocs\/wp-json\/wp\/v2\/pages"}],"about":[{"href":"https:\/\/mensch-tier-gemeinsam.de\/htdocs\/wp-json\/wp\/v2\/types\/page"}],"author":[{"embeddable":true,"href":"https:\/\/mensch-tier-gemeinsam.de\/htdocs\/wp-json\/wp\/v2\/users\/1"}],"replies":[{"embeddable":true,"href":"https:\/\/mensch-tier-gemeinsam.de\/htdocs\/wp-json\/wp\/v2\/comments?post=901"}],"version-history":[{"count":3,"href":"https:\/\/mensch-tier-gemeinsam.de\/htdocs\/wp-json\/wp\/v2\/pages\/901\/revisions"}],"predecessor-version":[{"id":1639,"href":"https:\/\/mensch-tier-gemeinsam.de\/htdocs\/wp-json\/wp\/v2\/pages\/901\/revisions\/1639"}],"up":[{"embeddable":true,"href":"https:\/\/mensch-tier-gemeinsam.de\/htdocs\/wp-json\/wp\/v2\/pages\/80"}],"wp:attachment":[{"href":"https:\/\/mensch-tier-gemeinsam.de\/htdocs\/wp-json\/wp\/v2\/media?parent=901"}],"curies":[{"name":"wp","href":"https:\/\/api.w.org\/{rel}","templated":true}]}}