{"id":96,"date":"2015-03-19T21:17:44","date_gmt":"2015-03-19T21:17:44","guid":{"rendered":"http:\/\/mensch-tier-gemeinsam.de\/htdocs\/?page_id=96"},"modified":"2018-04-11T21:25:46","modified_gmt":"2018-04-11T21:25:46","slug":"gespraeche-mit-eltern-offen-und-sachlich","status":"publish","type":"page","link":"https:\/\/mensch-tier-gemeinsam.de\/htdocs\/kommunikation-persoenlichkeitsentwicklung\/veranstaltungen-zur-kommunikation\/gespraeche-mit-eltern-offen-und-sachlich\/","title":{"rendered":"Gespr\u00e4che mit Eltern: offen und sachlich"},"content":{"rendered":"<div class=\"csRow\">\n<div class=\"csColumnGap\" style=\"margin: 0px; padding: 0px; float: left; width: 1.56%;\"><img decoding=\"async\" src=\"http:\/\/mensch-tier-gemeinsam.de\/htdocs\/wp-content\/plugins\/advanced-wp-columns\/assets\/js\/plugins\/views\/img\/1x1-pixel.png\" alt=\"\" \/><\/div>\n<div class=\"csColumn\" style=\"margin: 0px; padding: 0px; float: left; width: 20.8%;\" data-csid=\"6f93c110-a3d0-8e59-9326-cb76fff4703d\" data-cswidth=\"20.8%\" data-csendpoint=\"215\" data-csstartpoint=\"15\">\n<p>&nbsp;<\/p>\n<p><span style=\"font-weight: bold; font-size: 14px;\">Termin:<\/span><\/p>\n<p>Samstag, 02.06.2018<\/p>\n<p><span style=\"color: #333333;\"><span style=\"color: #808080;\">\u00a0<\/span><\/span><\/p>\n<\/div>\n<div class=\"csColumn\" style=\"margin: 0px; padding: 0px; float: left; width: 53.1%;\" data-csid=\"2b1468a5-b33e-401e-b77d-18d7e796d623\" data-cswidth=\"53.1%\" data-csendpoint=\"735\" data-csstartpoint=\"225\">\n<p><span style=\"font-weight: bold;\"><strong>Seminar<\/strong><\/span><\/p>\n<p>F\u00fcr Eltern sind Kinder das Wertvollste im Leben. Dar\u00fcber hinaus haben wir alle unsere Empfindungen und Verletzlichkeiten. Das ist bester N\u00e4hrboden f\u00fcr einen unbefriedigenden, manchmal sogar verletzenden Gespr\u00e4chsverlauf. Um Eltern etwas \u00fcber ihr Kind mitzuteilen, etwas mit ihnen zu vereinbaren oder sie von etwas zu \u00fcberzeugen, sind eine <span style=\"font-weight: bold; font-size: 14px;\">vertrauensvolle Atmosph\u00e4re<\/span> und <span style=\"font-size: 14px; font-weight: bold;\">sachliche Gespr\u00e4chsf\u00fchrung<\/span> n\u00f6tig. Daf\u00fcr ist es wichtig, realistisch wahrzunehmen und bewusst auszusenden und zwar beides gleicherma\u00dfen auf <span style=\"font-size: 14px; font-weight: bold;\"><span style=\"font-weight: normal; font-size: 13px;\">der<\/span> verbalen <span style=\"font-weight: normal; font-size: 13px;\">und der<\/span> k\u00f6rpersprachlichen<span style=\"font-weight: normal; font-size: 13px;\"> Ebene<\/span><\/span>.<\/p>\n<p>Im Seminar stehen den Teilnehmern zur Veranschaulichung der k\u00f6rpersprachlichen Elemente ca. vier <strong>Hunde<\/strong> zur Verf\u00fcgung. Sie gehen nur zu Menschen hin, die den Kontakt w\u00fcnschen. Dadurch k\u00f6nnen auch Menschen mit Angst vor Hunden teilnehmen.<\/p>\n<p>F\u00fcr alle, die <span style=\"font-weight: bold; font-size: 14px;\">beruflich mit Kindern und somit auch mit Eltern<\/span> zu tun haben, wie Tagespflegepersonal, Erzieher\/innen, Lehrer\/innen, Ergotherapeut\/innen, \u2026\u00a0Auch geeignet f\u00fcr diejenigen, die im privaten Umfeld Einfluss nehmen m\u00f6chten.<\/p>\n<p>Kommuniziert wird \u00fcberall. Das Erlernte l\u00e4sst sich auf andere Lebenssituationen \u00fcbertragen.<\/p>\n<p>Zeit:\u00a0 \u00a0 \u00a0 \u00a0 \u00a0Samstag, <strong>02.06.2018<\/strong>, 08.30 &#8211; 13.15 Uhr<\/p>\n<p>Ort und Veranstalter: VHS Grimmen, Tribseeser Chaussee 4<\/p>\n<p>Anmeldung und Infos <strong><span style=\"color: #0000ff;\"><a style=\"color: #0000ff;\" href=\"http:\/\/vhs-vr.de\/index.php?id=17&amp;kathaupt=11&amp;knr=18FG110582&amp;kursname=Gespraeche+mit+Eltern+offen+und+sachlich\">hier<\/a><\/span><\/strong><\/p>\n<p>Druckversion:\u00a0<a href=\"http:\/\/mensch-tier-gemeinsam.de\/htdocs\/wp-content\/uploads\/2018\/04\/gespraeche-mit-eltern_2018_vhs.pdf\">gespraeche-mit-eltern_2018_vhs<\/a><\/p>\n<p>Auf Wunsch und bei mindestens 3 Teilnehmern, biete ich dieses Seminar gern zus\u00e4tzlich bei mir an.<\/p>\n<p>&nbsp;<\/p>\n<p>&nbsp;<\/p>\n<\/div>\n<div class=\"csColumnGap\" style=\"margin: 0px; padding: 0px; float: left; width: 0.938%;\"><img decoding=\"async\" src=\"http:\/\/mensch-tier-gemeinsam.de\/htdocs\/wp-content\/plugins\/advanced-wp-columns\/assets\/js\/plugins\/views\/img\/1x1-pixel.png\" alt=\"\" \/><\/div>\n<div class=\"csColumn\" style=\"margin: 0px; padding: 0px; float: left; width: 20.9%;\" data-csid=\"01262875-82bb-7260-bcb6-e93cd269d6b3\" data-cswidth=\"20.9%\" data-csendpoint=\"945\" data-csstartpoint=\"744\"><\/div>\n<div class=\"csColumnGap\" style=\"margin: 0px; padding: 0px; float: left; width: 1.56%;\"><img decoding=\"async\" src=\"http:\/\/mensch-tier-gemeinsam.de\/htdocs\/wp-content\/plugins\/advanced-wp-columns\/assets\/js\/plugins\/views\/img\/1x1-pixel.png\" alt=\"\" \/><\/div>\n<div style=\"clear: both; float: none; display: block; visibility: hidden; width: 0px; font-size: 0px; line-height: 0;\"><\/div>\n<\/div>\n<p>&nbsp;<\/p>\n","protected":false},"excerpt":{"rendered":"<p>&nbsp; Termin: Samstag, 02.06.2018 \u00a0 Seminar F\u00fcr Eltern sind Kinder das Wertvollste im Leben. Dar\u00fcber hinaus haben wir alle unsere Empfindungen und Verletzlichkeiten. Das ist bester N\u00e4hrboden f\u00fcr einen unbefriedigenden, manchmal sogar verletzenden Gespr\u00e4chsverlauf. Um Eltern etwas \u00fcber ihr Kind mitzuteilen, etwas mit ihnen zu vereinbaren oder sie von etwas zu \u00fcberzeugen, sind eine vertrauensvolle [&hellip;]<\/p>\n","protected":false},"author":1,"featured_media":0,"parent":80,"menu_order":9,"comment_status":"closed","ping_status":"closed","template":"","meta":{"footnotes":""},"class_list":["post-96","page","type-page","status-publish","hentry"],"_links":{"self":[{"href":"https:\/\/mensch-tier-gemeinsam.de\/htdocs\/wp-json\/wp\/v2\/pages\/96","targetHints":{"allow":["GET"]}}],"collection":[{"href":"https:\/\/mensch-tier-gemeinsam.de\/htdocs\/wp-json\/wp\/v2\/pages"}],"about":[{"href":"https:\/\/mensch-tier-gemeinsam.de\/htdocs\/wp-json\/wp\/v2\/types\/page"}],"author":[{"embeddable":true,"href":"https:\/\/mensch-tier-gemeinsam.de\/htdocs\/wp-json\/wp\/v2\/users\/1"}],"replies":[{"embeddable":true,"href":"https:\/\/mensch-tier-gemeinsam.de\/htdocs\/wp-json\/wp\/v2\/comments?post=96"}],"version-history":[{"count":19,"href":"https:\/\/mensch-tier-gemeinsam.de\/htdocs\/wp-json\/wp\/v2\/pages\/96\/revisions"}],"predecessor-version":[{"id":1921,"href":"https:\/\/mensch-tier-gemeinsam.de\/htdocs\/wp-json\/wp\/v2\/pages\/96\/revisions\/1921"}],"up":[{"embeddable":true,"href":"https:\/\/mensch-tier-gemeinsam.de\/htdocs\/wp-json\/wp\/v2\/pages\/80"}],"wp:attachment":[{"href":"https:\/\/mensch-tier-gemeinsam.de\/htdocs\/wp-json\/wp\/v2\/media?parent=96"}],"curies":[{"name":"wp","href":"https:\/\/api.w.org\/{rel}","templated":true}]}}